{"id":2,"date":"2021-01-04T17:00:54","date_gmt":"2021-01-04T16:00:54","guid":{"rendered":"https:\/\/www.operapiamoreno.it\/wpsite\/?page_id=2"},"modified":"2024-09-19T15:57:13","modified_gmt":"2024-09-19T13:57:13","slug":"homepage","status":"publish","type":"page","link":"https:\/\/www.operapiamoreno.it\/wpsite\/homepage\/","title":{"rendered":"SERVIZI EDUCATIVI"},"content":{"rendered":"\t\t<div data-elementor-type=\"wp-page\" data-elementor-id=\"2\" class=\"elementor elementor-2\" data-elementor-post-type=\"page\">\n\t\t\t\t\t\t\t\t\t<section class=\"elementor-section elementor-top-section elementor-element elementor-element-2f2dcc7 elementor-section-boxed elementor-section-height-default elementor-section-height-default\" data-id=\"2f2dcc7\" data-element_type=\"section\">\n\t\t\t\t\t\t<div class=\"elementor-container elementor-column-gap-default\">\n\t\t\t\t\t<div class=\"elementor-column elementor-col-100 elementor-top-column elementor-element elementor-element-76b777a\" data-id=\"76b777a\" data-element_type=\"column\">\n\t\t\t<div class=\"elementor-widget-wrap elementor-element-populated\">\n\t\t\t\t\t\t\t\t<div class=\"elementor-element elementor-element-d0c0631 elementor-widget elementor-widget-heading\" data-id=\"d0c0631\" data-element_type=\"widget\" data-widget_type=\"heading.default\">\n\t\t\t\t<div class=\"elementor-widget-container\">\n\t\t\t<h2 class=\"elementor-heading-title elementor-size-default\">Per bimbi da 2 a 6 anni<\/h2>\t\t<\/div>\n\t\t\t\t<\/div>\n\t\t\t\t\t<\/div>\n\t\t<\/div>\n\t\t\t\t\t\t\t<\/div>\n\t\t<\/section>\n\t\t\t\t<section class=\"elementor-section elementor-top-section elementor-element elementor-element-9b02934 elementor-section-boxed elementor-section-height-default elementor-section-height-default\" data-id=\"9b02934\" data-element_type=\"section\">\n\t\t\t\t\t\t<div class=\"elementor-container elementor-column-gap-default\">\n\t\t\t\t\t<div class=\"elementor-column elementor-col-50 elementor-top-column elementor-element elementor-element-259a956\" data-id=\"259a956\" data-element_type=\"column\">\n\t\t\t<div class=\"elementor-widget-wrap elementor-element-populated\">\n\t\t\t\t\t\t\t\t<div class=\"elementor-element elementor-element-2c0a80f elementor-widget elementor-widget-heading\" data-id=\"2c0a80f\" data-element_type=\"widget\" data-widget_type=\"heading.default\">\n\t\t\t\t<div class=\"elementor-widget-container\">\n\t\t\t<h4 class=\"elementor-heading-title elementor-size-default\">Sezione Primavera<\/h4>\t\t<\/div>\n\t\t\t\t<\/div>\n\t\t\t\t<div class=\"elementor-element elementor-element-5424fe3 elementor-widget elementor-widget-text-editor\" data-id=\"5424fe3\" data-element_type=\"widget\" data-widget_type=\"text-editor.default\">\n\t\t\t\t<div class=\"elementor-widget-container\">\n\t\t\t\t\t\t\t<p>Tra l\u2019asilo nido e la scuola materna il Moreno gestisce da anni una classe dedicata ai bimbi tra i 24 e 36 mesi<\/p>\t\t\t\t\t\t<\/div>\n\t\t\t\t<\/div>\n\t\t\t\t<div class=\"elementor-element elementor-element-bc45cc9 elementor-invisible elementor-widget elementor-widget-image\" data-id=\"bc45cc9\" data-element_type=\"widget\" data-settings=\"{&quot;_animation&quot;:&quot;slideInLeft&quot;}\" data-widget_type=\"image.default\">\n\t\t\t\t<div class=\"elementor-widget-container\">\n\t\t\t\t\t\t\t\t\t\t\t\t\t\t\t<img decoding=\"async\" src=\"https:\/\/www.operapiamoreno.it\/wpsite\/wp-content\/uploads\/elementor\/thumbs\/IMG_1404-pu0tkrct2pvtnjvkitakf1138r3ayogohwu4gkw4ci.jpg\" title=\"IMG_1404\" alt=\"IMG_1404\" loading=\"lazy\" \/>\t\t\t\t\t\t\t\t\t\t\t\t\t\t\t<\/div>\n\t\t\t\t<\/div>\n\t\t\t\t<div class=\"elementor-element elementor-element-583f525 elementor-invisible elementor-widget elementor-widget-text-editor\" data-id=\"583f525\" data-element_type=\"widget\" data-settings=\"{&quot;_animation&quot;:&quot;fadeIn&quot;}\" data-widget_type=\"text-editor.default\">\n\t\t\t\t<div class=\"elementor-widget-container\">\n\t\t\t\t\t\t\t<p>Al Moreno dal 2009, prima in Ivrea ed autorizzata dalla Regione Piemonte, \u00e8 aperta una <strong>Sezione Primavera<\/strong>.<br \/><strong>Le sezioni primavera accolgono i bambini che compiono i 24 mesi tra il 1\u00b0 gennaio e il 31 dicembre dell&#8217;anno scolastico di riferimento.<\/strong><br \/>\u00c8 una classe ponte, dedicata ai bambini 24-36 mesi per accompagnarli nel percorso dal nido alla scuola dell&#8217;infanzia, con percorso adatto e non costoso per le famiglie. <br \/>Cosa si fa in una sezione primavera? <br \/>L&#8217;intento delle sezioni primavera \u00e8 quello di non riproporre ci\u00f2 che si farebbe all&#8217;ultimo anno di nido o al primo di scuola dell&#8217;infanzia.<br \/>Tra i requisiti di una sezione primavera, infatti, c&#8217;\u00e8 anche la strutturazione di un <strong>programma pedagogico ad hoc<\/strong>.<br \/>Al Moreno si tratta di un progetto collegato alla scuola dell\u2019Infanzia per garantire <strong>continuit\u00e0 nel percorso formativo dei pi\u00f9 piccoli<\/strong>.<br \/>La sezione Primavera \u00e8 uno speciale percorso educativo che \u00e8 stato istituito con la legge 27 dicembre 2006, n. 296 articolo 1 comma 630 rientra nel Sistema integrato di educazione e di istruzione dalla nascita a sei anni, anche conosciuto come Sistema integrato 0-6 disciplinato dal D.Lgs. 65\/2017. Lo scopo di questo sistema \u00e8 la promozione di pari opportunit\u00e0 per tutti i bambini e le bambine fino ai 6 anni d\u2019et\u00e0, con l\u2019obiettivo di ridurre eventuali barriere sociali e culturali<br \/>La caratteristica principale della sezione \u00e8 quella di avere un progetto specifico, delineato da <strong>criteri di qualit\u00e0 dal punto di vista pedagogico, della flessibilit\u00e0 organizzativa, e nella risposta ai bisogni dei bambini<\/strong> di questa specifica fascia d\u2019et\u00e0.<\/p>\t\t\t\t\t\t<\/div>\n\t\t\t\t<\/div>\n\t\t\t\t\t<\/div>\n\t\t<\/div>\n\t\t\t\t<div class=\"elementor-column elementor-col-50 elementor-top-column elementor-element elementor-element-62188db\" data-id=\"62188db\" data-element_type=\"column\">\n\t\t\t<div class=\"elementor-widget-wrap elementor-element-populated\">\n\t\t\t\t\t\t\t\t<div class=\"elementor-element elementor-element-7b66f2a elementor-widget elementor-widget-heading\" data-id=\"7b66f2a\" data-element_type=\"widget\" data-widget_type=\"heading.default\">\n\t\t\t\t<div class=\"elementor-widget-container\">\n\t\t\t<h4 class=\"elementor-heading-title elementor-size-default\">Scuola dell'Infanzia<\/h4>\t\t<\/div>\n\t\t\t\t<\/div>\n\t\t\t\t<div class=\"elementor-element elementor-element-0671675 elementor-widget elementor-widget-text-editor\" data-id=\"0671675\" data-element_type=\"widget\" data-widget_type=\"text-editor.default\">\n\t\t\t\t<div class=\"elementor-widget-container\">\n\t\t\t\t\t\t\t<p>La scuola materna del Moreno eredita una storia iniziata nel 1844 di aiuto ai fanciulli<span style=\"color: var( --e-global-color-text ); font-family: var( --e-global-typography-text-font-family ), Sans-serif; font-weight: var( --e-global-typography-text-font-weight ); font-size: 1rem;\">.<\/span><\/p>\t\t\t\t\t\t<\/div>\n\t\t\t\t<\/div>\n\t\t\t\t<div class=\"elementor-element elementor-element-03ad181 elementor-invisible elementor-widget elementor-widget-image\" data-id=\"03ad181\" data-element_type=\"widget\" data-settings=\"{&quot;_animation&quot;:&quot;slideInRight&quot;}\" data-widget_type=\"image.default\">\n\t\t\t\t<div class=\"elementor-widget-container\">\n\t\t\t\t\t\t\t\t\t\t\t\t\t\t\t<img decoding=\"async\" src=\"https:\/\/www.operapiamoreno.it\/wpsite\/wp-content\/uploads\/elementor\/thumbs\/IMG_1406-pu0tksan9jx3z5u7dbp6zisju4yo6dkeu1hlxuuq6a.jpg\" title=\"IMG_1406\" alt=\"IMG_1406\" loading=\"lazy\" \/>\t\t\t\t\t\t\t\t\t\t\t\t\t\t\t<\/div>\n\t\t\t\t<\/div>\n\t\t\t\t<div class=\"elementor-element elementor-element-cb80302 elementor-invisible elementor-widget elementor-widget-text-editor\" data-id=\"cb80302\" data-element_type=\"widget\" data-settings=\"{&quot;_animation&quot;:&quot;fadeIn&quot;}\" data-widget_type=\"text-editor.default\">\n\t\t\t\t<div class=\"elementor-widget-container\">\n\t\t\t\t\t\t\t<p class=\"MsoNormal\"><span style=\"font-size: 12.0pt; line-height: 107%;\"><strong>Per scuola dell&#8217;infanzia<\/strong>, si intende <strong>l&#8217;organizzazione pre-scolastica destinata ai bambini dall&#8217;et\u00e0 di 3 anni all&#8217;et\u00e0 di 6 anni<\/strong> e che precede la scuola primaria. <\/span><\/p>\n<p class=\"MsoNormal\"><span style=\"font-size: 12.0pt; line-height: 107%;\">Le attivit\u00e0 che vengono proposte vengono strutturate in relazione ai campi d&#8217;esperienza, ossia obiettivi di apprendimento da conseguire durante tutti i tre anni di scuola. Le Indicazioni nazionali per la scuola dell&#8217;infanzia del 2007 li definiscono in questo modo:<\/span><\/p>\n<ul>\n<li>il s\u00e9 e l&#8217;altro (le grandi domande, il senso morale, il vivere insieme);<\/li>\n<li>il corpo in movimento (identit\u00e0, autonomia, salute);<\/li>\n<li>linguaggi, creativi\u00e0, espressione (gestualit\u00e0, arte, musica, multimedialit\u00e0);<\/li>\n<li>i discorsi e le parole (comunicazione, lingua, cultura);<\/li>\n<li>la conoscenza del mondo (ordine, misura, spazio, tempo, natura).<\/li>\n<\/ul>\n<p class=\"MsoNormal\"><span style=\"font-size: 12.0pt; line-height: 107%;\"><strong>&nbsp;<\/strong><\/span><\/p>\n<p class=\"MsoNormal\"><span style=\"font-size: 12.0pt; line-height: 107%;\"><strong>Il Moreno \u00e8 un Ente senza scopo di lucro<\/strong> che gestisce una scuola dell&#8217;infanzia paritaria convenzionata<\/span><\/p>\n<p class=\"MsoNormal\"><span style=\"font-size: 12.0pt; line-height: 107%;\">Scuola paritaria-Cos\u2019\u00e8?<\/span><\/p>\n<p class=\"MsoNormal\"><span style=\"font-size: 12.0pt; line-height: 107%;\">Il Ministero dell\u2019Istruzione le definisce in questo modo, secondo quanto previsto dalla legge 62\/2000:<\/span><\/p>\n<p class=\"MsoNormal\"><span style=\"font-size: 12.0pt; line-height: 107%;\">\u201cLe scuole paritarie sono scuole la cui gestione \u00e8 affidata a soggetti diversi da quelli statali, che si impegnano a contribuire alla realizzazione della finalit\u00e0 di istruzione ed educazione che la Costituzione assegna alla scuola e ottengono il riconoscimento della <strong>parit\u00e0 scolastica con le scuole statali<\/strong>. Le scuole paritarie si inseriscono nel sistema nazionale di istruzione e rilasciano titoli di studio aventi <strong>lo stesso valore legale dei titoli rilasciati dalle scuole statali<\/strong>\u201d<\/span><\/p>\n<p>Le scuole paritarie, dunque, pur non essendo gestite direttamente dallo Stato rientrano nel sistema di educazione pubblico a tutti gli effetti ed offrono un servizio aperto a tutti<\/p>\t\t\t\t\t\t<\/div>\n\t\t\t\t<\/div>\n\t\t\t\t\t<\/div>\n\t\t<\/div>\n\t\t\t\t\t\t\t<\/div>\n\t\t<\/section>\n\t\t\t\t<section class=\"elementor-section elementor-top-section elementor-element elementor-element-06bc57e elementor-section-boxed elementor-section-height-default elementor-section-height-default\" data-id=\"06bc57e\" data-element_type=\"section\">\n\t\t\t\t\t\t<div class=\"elementor-container elementor-column-gap-default\">\n\t\t\t\t\t<div class=\"elementor-column elementor-col-50 elementor-top-column elementor-element elementor-element-33101b0\" data-id=\"33101b0\" data-element_type=\"column\">\n\t\t\t<div class=\"elementor-widget-wrap\">\n\t\t\t\t\t\t\t\t\t<\/div>\n\t\t<\/div>\n\t\t\t\t<div class=\"elementor-column elementor-col-50 elementor-top-column elementor-element elementor-element-e2721d4\" data-id=\"e2721d4\" data-element_type=\"column\">\n\t\t\t<div class=\"elementor-widget-wrap\">\n\t\t\t\t\t\t\t\t\t<\/div>\n\t\t<\/div>\n\t\t\t\t\t\t\t<\/div>\n\t\t<\/section>\n\t\t\t\t<section class=\"elementor-section elementor-top-section elementor-element elementor-element-098ec59 elementor-section-boxed elementor-section-height-default elementor-section-height-default\" data-id=\"098ec59\" data-element_type=\"section\">\n\t\t\t\t\t\t<div class=\"elementor-container elementor-column-gap-default\">\n\t\t\t\t\t<div class=\"elementor-column elementor-col-50 elementor-top-column elementor-element elementor-element-72bd995\" data-id=\"72bd995\" data-element_type=\"column\">\n\t\t\t<div class=\"elementor-widget-wrap elementor-element-populated\">\n\t\t\t\t\t\t\t\t<div class=\"elementor-element elementor-element-3f1f6c2 elementor-widget elementor-widget-image\" data-id=\"3f1f6c2\" data-element_type=\"widget\" data-widget_type=\"image.default\">\n\t\t\t\t<div class=\"elementor-widget-container\">\n\t\t\t\t\t\t\t\t\t\t\t\t\t\t\t<img decoding=\"async\" loading=\"lazy\" width=\"800\" height=\"600\" src=\"https:\/\/www.operapiamoreno.it\/wpsite\/wp-content\/uploads\/2022\/09\/280977176_751396639564884_6955120432097931406_n-1024x768.jpg\" class=\"attachment-large size-large wp-image-658\" alt=\"\" srcset=\"https:\/\/www.operapiamoreno.it\/wpsite\/wp-content\/uploads\/2022\/09\/280977176_751396639564884_6955120432097931406_n-1024x768.jpg 1024w, https:\/\/www.operapiamoreno.it\/wpsite\/wp-content\/uploads\/2022\/09\/280977176_751396639564884_6955120432097931406_n-300x225.jpg 300w, https:\/\/www.operapiamoreno.it\/wpsite\/wp-content\/uploads\/2022\/09\/280977176_751396639564884_6955120432097931406_n-768x576.jpg 768w, https:\/\/www.operapiamoreno.it\/wpsite\/wp-content\/uploads\/2022\/09\/280977176_751396639564884_6955120432097931406_n-1536x1152.jpg 1536w, https:\/\/www.operapiamoreno.it\/wpsite\/wp-content\/uploads\/2022\/09\/280977176_751396639564884_6955120432097931406_n.jpg 1600w\" sizes=\"(max-width: 800px) 100vw, 800px\" \/>\t\t\t\t\t\t\t\t\t\t\t\t\t\t\t<\/div>\n\t\t\t\t<\/div>\n\t\t\t\t\t<\/div>\n\t\t<\/div>\n\t\t\t\t<div class=\"elementor-column elementor-col-50 elementor-top-column elementor-element elementor-element-f122856\" data-id=\"f122856\" data-element_type=\"column\">\n\t\t\t<div class=\"elementor-widget-wrap elementor-element-populated\">\n\t\t\t\t\t\t\t\t<div class=\"elementor-element elementor-element-e7e67c8 elementor-widget elementor-widget-image\" data-id=\"e7e67c8\" data-element_type=\"widget\" data-widget_type=\"image.default\">\n\t\t\t\t<div class=\"elementor-widget-container\">\n\t\t\t\t\t\t\t\t\t\t\t\t\t\t\t<img decoding=\"async\" loading=\"lazy\" width=\"800\" height=\"600\" src=\"https:\/\/www.operapiamoreno.it\/wpsite\/wp-content\/uploads\/2022\/09\/275007126_703220317715850_481985776034128699_n-1024x768.jpg\" class=\"attachment-large size-large wp-image-651\" alt=\"\" srcset=\"https:\/\/www.operapiamoreno.it\/wpsite\/wp-content\/uploads\/2022\/09\/275007126_703220317715850_481985776034128699_n-1024x768.jpg 1024w, https:\/\/www.operapiamoreno.it\/wpsite\/wp-content\/uploads\/2022\/09\/275007126_703220317715850_481985776034128699_n-300x225.jpg 300w, https:\/\/www.operapiamoreno.it\/wpsite\/wp-content\/uploads\/2022\/09\/275007126_703220317715850_481985776034128699_n-768x576.jpg 768w, https:\/\/www.operapiamoreno.it\/wpsite\/wp-content\/uploads\/2022\/09\/275007126_703220317715850_481985776034128699_n-1536x1152.jpg 1536w, https:\/\/www.operapiamoreno.it\/wpsite\/wp-content\/uploads\/2022\/09\/275007126_703220317715850_481985776034128699_n.jpg 1600w\" sizes=\"(max-width: 800px) 100vw, 800px\" \/>\t\t\t\t\t\t\t\t\t\t\t\t\t\t\t<\/div>\n\t\t\t\t<\/div>\n\t\t\t\t\t<\/div>\n\t\t<\/div>\n\t\t\t\t\t\t\t<\/div>\n\t\t<\/section>\n\t\t\t\t<section class=\"elementor-section elementor-top-section elementor-element elementor-element-3cd626f elementor-section-boxed elementor-section-height-default elementor-section-height-default\" data-id=\"3cd626f\" data-element_type=\"section\">\n\t\t\t\t\t\t<div class=\"elementor-container elementor-column-gap-default\">\n\t\t\t\t\t<div class=\"elementor-column elementor-col-100 elementor-top-column elementor-element elementor-element-f04e1b3\" data-id=\"f04e1b3\" data-element_type=\"column\">\n\t\t\t<div class=\"elementor-widget-wrap elementor-element-populated\">\n\t\t\t\t\t\t\t\t<div class=\"elementor-element elementor-element-535f82a elementor-widget-divider--view-line elementor-widget elementor-widget-divider\" data-id=\"535f82a\" data-element_type=\"widget\" data-widget_type=\"divider.default\">\n\t\t\t\t<div class=\"elementor-widget-container\">\n\t\t\t\t\t<div class=\"elementor-divider\">\n\t\t\t<span class=\"elementor-divider-separator\">\n\t\t\t\t\t\t<\/span>\n\t\t<\/div>\n\t\t\t\t<\/div>\n\t\t\t\t<\/div>\n\t\t\t\t\t<\/div>\n\t\t<\/div>\n\t\t\t\t\t\t\t<\/div>\n\t\t<\/section>\n\t\t\t\t<section class=\"elementor-section elementor-top-section elementor-element elementor-element-25b26e9a elementor-section-boxed elementor-section-height-default elementor-section-height-default\" data-id=\"25b26e9a\" data-element_type=\"section\">\n\t\t\t\t\t\t<div class=\"elementor-container elementor-column-gap-default\">\n\t\t\t\t\t\t\t\t<\/div>\n\t\t<\/section>\n\t\t\t\t<section class=\"elementor-section elementor-top-section elementor-element elementor-element-4004354 elementor-section-boxed elementor-section-height-default elementor-section-height-default\" data-id=\"4004354\" data-element_type=\"section\">\n\t\t\t\t\t\t<div class=\"elementor-container elementor-column-gap-default\">\n\t\t\t\t\t<div class=\"elementor-column elementor-col-100 elementor-top-column elementor-element elementor-element-df372e3\" data-id=\"df372e3\" data-element_type=\"column\">\n\t\t\t<div class=\"elementor-widget-wrap elementor-element-populated\">\n\t\t\t\t\t\t\t\t<div class=\"elementor-element elementor-element-38199d4 elementor-widget elementor-widget-heading\" data-id=\"38199d4\" data-element_type=\"widget\" data-widget_type=\"heading.default\">\n\t\t\t\t<div class=\"elementor-widget-container\">\n\t\t\t<h4 class=\"elementor-heading-title elementor-size-default\">Percorso formativo personalizzato sulle reali esigenze del bambino<\/h4>\t\t<\/div>\n\t\t\t\t<\/div>\n\t\t\t\t\t<\/div>\n\t\t<\/div>\n\t\t\t\t\t\t\t<\/div>\n\t\t<\/section>\n\t\t\t\t<section class=\"elementor-section elementor-top-section elementor-element elementor-element-8b95d9e elementor-section-boxed elementor-section-height-default elementor-section-height-default\" data-id=\"8b95d9e\" data-element_type=\"section\">\n\t\t\t\t\t\t<div class=\"elementor-container elementor-column-gap-default\">\n\t\t\t\t\t<div class=\"elementor-column elementor-col-33 elementor-top-column elementor-element elementor-element-6790c83\" data-id=\"6790c83\" data-element_type=\"column\">\n\t\t\t<div class=\"elementor-widget-wrap elementor-element-populated\">\n\t\t\t\t\t\t\t\t<div class=\"elementor-element elementor-element-2656d9c elementor--h-position-center elementor--v-position-middle elementor-arrows-position-inside elementor-pagination-position-inside elementor-widget elementor-widget-slides\" data-id=\"2656d9c\" data-element_type=\"widget\" data-settings=\"{&quot;navigation&quot;:&quot;both&quot;,&quot;autoplay&quot;:&quot;yes&quot;,&quot;pause_on_hover&quot;:&quot;yes&quot;,&quot;pause_on_interaction&quot;:&quot;yes&quot;,&quot;autoplay_speed&quot;:5000,&quot;infinite&quot;:&quot;yes&quot;,&quot;transition&quot;:&quot;slide&quot;,&quot;transition_speed&quot;:500}\" data-widget_type=\"slides.default\">\n\t\t\t\t<div class=\"elementor-widget-container\">\n\t\t\t\t\t<div class=\"elementor-swiper\">\n\t\t\t<div class=\"elementor-slides-wrapper elementor-main-swiper swiper-container\" dir=\"ltr\" data-animation=\"fadeInUp\">\n\t\t\t\t<div class=\"swiper-wrapper elementor-slides\">\n\t\t\t\t\t\t\t\t\t\t<div class=\"elementor-repeater-item-13bd39e swiper-slide\"><div class=\"swiper-slide-bg\" role=\"img\"><\/div><div class=\"swiper-slide-inner\" ><div class=\"swiper-slide-contents\"><div class=\"elementor-slide-heading\">al parco cittadino<\/div><\/div><\/div><\/div><div class=\"elementor-repeater-item-62b4e0a swiper-slide\"><div class=\"swiper-slide-bg\" role=\"img\"><\/div><div class=\"swiper-slide-inner\" ><div class=\"swiper-slide-contents\"><div class=\"elementor-slide-heading\">in classe<\/div><\/div><\/div><\/div><div class=\"elementor-repeater-item-1dfa8ad swiper-slide\"><div class=\"swiper-slide-bg\" role=\"img\"><\/div><div class=\"swiper-slide-inner\" ><div class=\"swiper-slide-contents\"><div class=\"elementor-slide-heading\">in attivit\u00e0 didattica<\/div><\/div><\/div><\/div>\t\t\t\t<\/div>\n\t\t\t\t\t\t\t\t\t\t\t\t\t\t\t<div class=\"swiper-pagination\"><\/div>\n\t\t\t\t\t\t\t\t\t\t\t\t\t\t\t\t<div class=\"elementor-swiper-button elementor-swiper-button-prev\" role=\"button\" tabindex=\"0\">\n\t\t\t\t\t\t\t<i aria-hidden=\"true\" class=\"eicon-chevron-left\"><\/i>\t\t\t\t\t\t\t<span class=\"elementor-screen-only\">Diapositiva precedente<\/span>\n\t\t\t\t\t\t<\/div>\n\t\t\t\t\t\t<div class=\"elementor-swiper-button elementor-swiper-button-next\" role=\"button\" tabindex=\"0\">\n\t\t\t\t\t\t\t<i aria-hidden=\"true\" class=\"eicon-chevron-right\"><\/i>\t\t\t\t\t\t\t<span class=\"elementor-screen-only\">Prossima diapositiva<\/span>\n\t\t\t\t\t\t<\/div>\n\t\t\t\t\t\t\t\t\t\t\t\t<\/div>\n\t\t<\/div>\n\t\t\t\t<\/div>\n\t\t\t\t<\/div>\n\t\t\t\t\t<\/div>\n\t\t<\/div>\n\t\t\t\t<div class=\"elementor-column elementor-col-66 elementor-top-column elementor-element elementor-element-b54d2ab\" data-id=\"b54d2ab\" data-element_type=\"column\">\n\t\t\t<div class=\"elementor-widget-wrap elementor-element-populated\">\n\t\t\t\t\t\t\t\t<div class=\"elementor-element elementor-element-17aff51 elementor-widget elementor-widget-text-editor\" data-id=\"17aff51\" data-element_type=\"widget\" data-widget_type=\"text-editor.default\">\n\t\t\t\t<div class=\"elementor-widget-container\">\n\t\t\t\t\t\t\t<p>Il percorso formativo \u00e8 personalizzato sulle reali esigenze del bambino e rispetta i tempi<br \/>di apprendimento che sono diversi da bambino a bambino.<\/p><p class=\"MsoNormal\"><span style=\"font-size: 12.0pt; line-height: 106%;\"><strong>Creativit\u00e0, esplorazione diretta<\/strong> della natura e degli spazi verdi, rete con il territorio e\u00a0<strong>partecipazione alla vita cittadina<\/strong> sono i nostri capisaldi per crescere i vostri bimbi rendendo l\u2019apprendimento sempre allegro e stimolante. Tanti sono i\u00a0laboratori e le attivit\u00e0 che si svolgono fuori e dentro la scuola <\/span>\u00a0<span style=\"font-size: 12.0pt; line-height: 106%;\">e fa conoscere ai bimbi il cuore pulsante della nostra cittadina.<\/span><\/p><p class=\"MsoNormal\">\u00a0<\/p>\t\t\t\t\t\t<\/div>\n\t\t\t\t<\/div>\n\t\t\t\t\t<\/div>\n\t\t<\/div>\n\t\t\t\t\t\t\t<\/div>\n\t\t<\/section>\n\t\t\t\t<section class=\"elementor-section elementor-top-section elementor-element elementor-element-58fd9d4 elementor-section-boxed elementor-section-height-default elementor-section-height-default\" data-id=\"58fd9d4\" data-element_type=\"section\">\n\t\t\t\t\t\t<div class=\"elementor-container elementor-column-gap-default\">\n\t\t\t\t\t<div class=\"elementor-column elementor-col-100 elementor-top-column elementor-element elementor-element-c136524\" data-id=\"c136524\" data-element_type=\"column\">\n\t\t\t<div class=\"elementor-widget-wrap elementor-element-populated\">\n\t\t\t\t\t\t\t\t<div class=\"elementor-element elementor-element-1c6d8c6 elementor-widget elementor-widget-text-editor\" data-id=\"1c6d8c6\" data-element_type=\"widget\" data-widget_type=\"text-editor.default\">\n\t\t\t\t<div class=\"elementor-widget-container\">\n\t\t\t\t\t\t\t<p style=\"font-weight: 400;\"><strong>Creativit\u00e0:<\/strong>\u00a0Il pensiero creativo consiste nella\u00a0capacit\u00e0 di ideare differenti soluzioni allo stesso problema, ragionando in\u00a0modo flessibile e fluido e trovando risposte insolite e originali.<\/p><p style=\"font-weight: 400;\">L&#8217;ambiente esterno, le esperienze, le\u00a0relazioni sono filtrate, assimilate nei primi anni di vita tramite il pensiero\u00a0magico e fantasioso, le capacit\u00e0 e le produzioni immaginative. La creativit\u00e0\u00a0applicata, concreta prende origine, si intreccia e progredisce attraverso la\u00a0fantasia.\u00a0Educare alla\u00a0creativit\u00e0 vuol dire permettere a ognuno di <strong>valorizzare se stesso attraverso\u00a0l\u2019espressione della propria originalit\u00e0<\/strong>, ma vuol dire anche <strong>educare alla\u00a0diversit\u00e0.<\/strong><br \/><span style=\"font-weight: var( --e-global-typography-text-font-weight );\"><br \/>I bambini che sono liberi, ma anche\u00a0<\/span><span style=\"font-weight: var( --e-global-typography-text-font-weight );\">guidati, sostenuti, incoraggiati\u00a0<\/span><span style=\"font-weight: var( --e-global-typography-text-font-weight );\">nel \u201cfare\u201d, hanno l\u2019opportunit\u00e0 di\u00a0<\/span><span style=\"font-weight: var( --e-global-typography-text-font-weight );\">diventare degli adulti pi\u00f9 sicuri, aperti,\u00a0<\/span><span style=\"font-weight: var( --e-global-typography-text-font-weight );\">consapevoli dei propri ruoli e\u00a0<\/span><span style=\"font-weight: var( --e-global-typography-text-font-weight );\">responsabilit\u00e0.<\/span><\/p><p style=\"font-weight: 400;\">Il concetto di creativit\u00e0 al Moreno \u00e8 anche sganciato dalla concreta realizzazione di un prodotto creativo, come un quadro, un disegno o un lavoretto; parliamo di creativit\u00e0 pensando anche ai suoi legami con il gioco e con la creazione di contesti\u00a0ludici.<\/p><p style=\"font-weight: 400;\"><strong>Natura in citt\u00e0:\u00a0<\/strong> La posizione strategica del Moreno permette\u00a0un facile accesso a tutti i parchi e zone verdi che la citt\u00e0 offre.<\/p><p style=\"font-weight: 400;\">Il rapporto tra infanzia e natura \u00e8 stato oggetto dell&#8217;interesse di molti studiosi, da\u00a0Rousseau a Maria Montessori.<\/p><p style=\"font-weight: 400;\">Studi e ricerche di educatori e filosofi dimostrano come i nostri bambini crescano\u00a0meglio e felici se <strong>trascorrono molto tempo in spazi all\u2019aperto<\/strong> o ambienti che\u00a0ricreano contesti naturali. La natura e l\u2019ambiente naturale offrono stimoli e\u00a0lezioni indispensabili<\/p><p style=\"font-weight: 400;\">l contatto con la natura e le esperienze fuori dalle mura degli edifici hanno benefici a tutti i livelli: sono istruttivi, migliorano la salute fisica e l\u2019emotivit\u00e0, le\u00a0abilit\u00e0 sociali e quelle personali, aiutano a sviluppare interessi sani e\u00a0partecipativi<\/p><p style=\"font-weight: 400;\">Il bambino non deve imparare didascalicamente nozioni sulla natura, ma imparare\u00a0direttamente dalla natura grazie alla propria esperienza: i legami tra le cose,\u00a0la pazienza, la curiosit\u00e0, la perseveranza.<\/p><p style=\"font-weight: 400;\">\u00a0Rete con il territorio: siamo nel cuore di Ivrea.<\/p><p style=\"font-weight: 400;\">Crediamo fortemente nel vivere e creare<strong> connessioni e relazione con il territorio<\/strong> per una <strong>comunit\u00e0<\/strong> educante per il benessere dei pi\u00f9 piccoli.<\/p><p style=\"font-weight: 400;\">Sentiamo l\u2019impegno di partecipare e contribuire alla crescita educativa, culturale e\u00a0sociale delle bambine e dei bambini collaborando e partecipando a numerose attivit\u00e0 di una pluralit\u00e0 di soggetti di riferimento che va, dalle associazioni di volontariato, culturali, sportive alle varie organizzazioni religiose e no,<br \/>dagli attori economici cittadini, commercianti alle istituzioni: soggetti che,\u00a0nei loro ambiti di intervento, riconoscono l\u2019apporto educativo che mettono in\u00a0campo e ne fanno un elemento guida della loro azione.<\/p><p style=\"font-weight: 400;\"><strong>Partecipiamo e collaboriamo alle iniziative presenti in citt\u00e0.<\/strong><\/p>\t\t\t\t\t\t<\/div>\n\t\t\t\t<\/div>\n\t\t\t\t\t<\/div>\n\t\t<\/div>\n\t\t\t\t\t\t\t<\/div>\n\t\t<\/section>\n\t\t\t\t<section class=\"elementor-section elementor-top-section elementor-element elementor-element-61a4325 elementor-section-boxed elementor-section-height-default elementor-section-height-default\" data-id=\"61a4325\" data-element_type=\"section\">\n\t\t\t\t\t\t<div class=\"elementor-container elementor-column-gap-default\">\n\t\t\t\t\t<div class=\"elementor-column elementor-col-100 elementor-top-column elementor-element elementor-element-26d992b\" data-id=\"26d992b\" data-element_type=\"column\">\n\t\t\t<div class=\"elementor-widget-wrap elementor-element-populated\">\n\t\t\t\t\t\t\t\t<div class=\"elementor-element elementor-element-9635548 elementor-widget-divider--view-line elementor-widget elementor-widget-divider\" data-id=\"9635548\" data-element_type=\"widget\" data-widget_type=\"divider.default\">\n\t\t\t\t<div class=\"elementor-widget-container\">\n\t\t\t\t\t<div class=\"elementor-divider\">\n\t\t\t<span class=\"elementor-divider-separator\">\n\t\t\t\t\t\t<\/span>\n\t\t<\/div>\n\t\t\t\t<\/div>\n\t\t\t\t<\/div>\n\t\t\t\t\t<\/div>\n\t\t<\/div>\n\t\t\t\t\t\t\t<\/div>\n\t\t<\/section>\n\t\t\t\t<section class=\"elementor-section elementor-top-section elementor-element elementor-element-c1d158b elementor-section-boxed elementor-section-height-default elementor-section-height-default\" data-id=\"c1d158b\" data-element_type=\"section\">\n\t\t\t\t\t\t<div class=\"elementor-container elementor-column-gap-default\">\n\t\t\t\t\t<div class=\"elementor-column elementor-col-100 elementor-top-column elementor-element elementor-element-18c8f65\" data-id=\"18c8f65\" data-element_type=\"column\">\n\t\t\t<div class=\"elementor-widget-wrap elementor-element-populated\">\n\t\t\t\t\t\t\t\t<div class=\"elementor-element elementor-element-1fc13e0 elementor-widget elementor-widget-heading\" data-id=\"1fc13e0\" data-element_type=\"widget\" data-widget_type=\"heading.default\">\n\t\t\t\t<div class=\"elementor-widget-container\">\n\t\t\t<h4 class=\"elementor-heading-title elementor-size-default\">Cucina interna con cibi buoni, sani e genuini<\/h4>\t\t<\/div>\n\t\t\t\t<\/div>\n\t\t\t\t\t<\/div>\n\t\t<\/div>\n\t\t\t\t\t\t\t<\/div>\n\t\t<\/section>\n\t\t\t\t<section class=\"elementor-section elementor-top-section elementor-element elementor-element-0f411fa elementor-section-boxed elementor-section-height-default elementor-section-height-default\" data-id=\"0f411fa\" data-element_type=\"section\">\n\t\t\t\t\t\t<div class=\"elementor-container elementor-column-gap-default\">\n\t\t\t\t\t<div class=\"elementor-column elementor-col-33 elementor-top-column elementor-element elementor-element-4bdb8ed\" data-id=\"4bdb8ed\" data-element_type=\"column\">\n\t\t\t<div class=\"elementor-widget-wrap elementor-element-populated\">\n\t\t\t\t\t\t\t\t<div class=\"elementor-element elementor-element-1c8c0ec elementor-widget elementor-widget-image\" data-id=\"1c8c0ec\" data-element_type=\"widget\" data-widget_type=\"image.default\">\n\t\t\t\t<div class=\"elementor-widget-container\">\n\t\t\t\t\t\t\t\t\t\t\t\t\t\t\t<img decoding=\"async\" loading=\"lazy\" width=\"150\" height=\"150\" src=\"https:\/\/www.operapiamoreno.it\/wpsite\/wp-content\/uploads\/2021\/02\/cuoca-150x150.png\" class=\"attachment-thumbnail size-thumbnail wp-image-250\" alt=\"\" \/>\t\t\t\t\t\t\t\t\t\t\t\t\t\t\t<\/div>\n\t\t\t\t<\/div>\n\t\t\t\t\t<\/div>\n\t\t<\/div>\n\t\t\t\t<div class=\"elementor-column elementor-col-66 elementor-top-column elementor-element elementor-element-12cd04a\" data-id=\"12cd04a\" data-element_type=\"column\">\n\t\t\t<div class=\"elementor-widget-wrap elementor-element-populated\">\n\t\t\t\t\t\t\t\t<div class=\"elementor-element elementor-element-e74339d elementor-widget elementor-widget-text-editor\" data-id=\"e74339d\" data-element_type=\"widget\" data-widget_type=\"text-editor.default\">\n\t\t\t\t<div class=\"elementor-widget-container\">\n\t\t\t\t\t\t\t<p>Ilaria, la nostra cuoca, prepara quotidianamente i piatti, seguendo scrupolosamente i menu dettati dai nutrizionisti dell&#8217;ASL e con rigoroso rispetto della normativa in tema di igiene e sicurezza.<\/p>\t\t\t\t\t\t<\/div>\n\t\t\t\t<\/div>\n\t\t\t\t\t<\/div>\n\t\t<\/div>\n\t\t\t\t\t\t\t<\/div>\n\t\t<\/section>\n\t\t\t\t\t\t\t<\/div>\n\t\t","protected":false},"excerpt":{"rendered":"<p>Per bimbi da 2 a 6 anni Sezione Primavera Tra l\u2019asilo nido e la scuola materna il Moreno gestisce da anni una classe dedicata ai bimbi tra i 24 e 36 mesi Al Moreno dal 2009, prima in Ivrea ed autorizzata dalla Regione Piemonte, \u00e8 aperta una Sezione Primavera.Le sezioni primavera accolgono i bambini che [&hellip;]<\/p>\n","protected":false},"author":1,"featured_media":0,"parent":0,"menu_order":0,"comment_status":"closed","ping_status":"closed","template":"","meta":{"footnotes":""},"_links":{"self":[{"href":"https:\/\/www.operapiamoreno.it\/wpsite\/wp-json\/wp\/v2\/pages\/2"}],"collection":[{"href":"https:\/\/www.operapiamoreno.it\/wpsite\/wp-json\/wp\/v2\/pages"}],"about":[{"href":"https:\/\/www.operapiamoreno.it\/wpsite\/wp-json\/wp\/v2\/types\/page"}],"author":[{"embeddable":true,"href":"https:\/\/www.operapiamoreno.it\/wpsite\/wp-json\/wp\/v2\/users\/1"}],"replies":[{"embeddable":true,"href":"https:\/\/www.operapiamoreno.it\/wpsite\/wp-json\/wp\/v2\/comments?post=2"}],"version-history":[{"count":230,"href":"https:\/\/www.operapiamoreno.it\/wpsite\/wp-json\/wp\/v2\/pages\/2\/revisions"}],"predecessor-version":[{"id":1059,"href":"https:\/\/www.operapiamoreno.it\/wpsite\/wp-json\/wp\/v2\/pages\/2\/revisions\/1059"}],"wp:attachment":[{"href":"https:\/\/www.operapiamoreno.it\/wpsite\/wp-json\/wp\/v2\/media?parent=2"}],"curies":[{"name":"wp","href":"https:\/\/api.w.org\/{rel}","templated":true}]}}